{"id":693,"date":"2023-01-23T15:21:44","date_gmt":"2023-01-23T14:21:44","guid":{"rendered":"https:\/\/www.lehrmittelverlag.ch\/cms\/?page_id=693"},"modified":"2025-03-04T10:32:39","modified_gmt":"2025-03-04T09:32:39","slug":"musaik","status":"publish","type":"page","link":"https:\/\/lizenz.lehrmittelverlag.ch\/cms\/verlag\/verlagsprogramm\/musaik\/","title":{"rendered":"MusAik"},"content":{"rendered":"","protected":false},"excerpt":{"rendered":"","protected":false},"author":3,"featured_media":3701,"parent":67,"menu_order":7,"comment_status":"closed","ping_status":"closed","template":"","meta":{"_acf_changed":false,"inline_featured_image":false,"footnotes":""},"class_list":["post-693","page","type-page","status-publish","has-post-thumbnail","hentry"],"acf":{"inhaltselemente":[{"acf_fc_layout":"two_cols","two_cols_flex_content_col_one":[{"acf_fc_layout":"text_element","text_element_":null,"text_element_text_element_titel":"Das Lehrmittel f\u00fcr einen vielf\u00e4ltigen, handlungsorientierten Musikunterricht.","text_element_text_element_titel_typ":"2","text_element_text_element_titel_size":"5","text_element_text_element_titel_fake":false,"text_element_text_element_content":"Singend, sprechend, h\u00f6rend, tanzend und musizierend erleben Kinder einen abwechslungsreichen Musikunterricht und bekommen dabei viel Raum f\u00fcr eigene Ideen.\r\n\r\nMit dem Lehrmittel \u00abMusAik\u00bb tauchen die Sch\u00fclerinnen und Sch\u00fcler in Gestaltungsprozesse ein und bauen musikalische Kompetenzen auf. Ziel und Herausforderung ist es, die im Lehrplan 21 geforderten Kompetenzen \u2013 Singen und Sprechen, H\u00f6ren und Sich-Orientieren, Bewegen und Tanzen, Musizieren, Gestaltungsprozesse, Praxis des musikalischen Wissens \u2013 in einfacher, strukturierter und aufbauender Art zu vermitteln.","text_element_text_element_text_size":"default"}],"two_cols_flex_content_col_two":[{"acf_fc_layout":"text_element","text_element_":null,"text_element_text_element_titel":"","text_element_text_element_titel_typ":"2","text_element_text_element_titel_size":"","text_element_text_element_titel_fake":false,"text_element_text_element_content":"<strong>Autorinnen<\/strong>\r\nBarbara Merki, Eva Berger\r\n\r\n&nbsp;","text_element_text_element_text_size":"text-textnoserif"}],"two_cols_bgcolor":false,"two_cols_spaltenbreite":"two-third-one-third"},{"acf_fc_layout":"two_cols","two_cols_flex_content_col_one":[{"acf_fc_layout":"akkordeon_element","akkordeon_element_items":[{"acf_fc_layout":"akkordeon_element_items_item","akkordeon_element_items_item_titel_akkordeon_element_items_item_titel":"Theorie","akkordeon_element_items_item_content":[{"acf_fc_layout":"text_element","text_element_":null,"text_element_text_element_titel":"","text_element_text_element_titel_typ":"2","text_element_text_element_titel_size":"","text_element_text_element_titel_fake":false,"text_element_text_element_content":"Das Lehrmittel schliesst in der Musikdidaktik eine L\u00fccke. Es unterst\u00fctzt durch seinen durchdachten Aufbau und die Ausgestaltung Lehrpersonen mit unterschiedlichsten Voraussetzungen bei der Vorbereitung und Durchf\u00fchrung ihres Unterrichts. In mehrj\u00e4hriger Arbeit entwickelt, praxiserprobt und wissenschaftlich abgest\u00fctzt, ist \u00abMusAik\u00bb auf den Lehrplan 21 ausgerichtet. Das umfangreiche, vielseitige Angebot l\u00e4sst viele Freir\u00e4ume offen und bietet Material f\u00fcr eine individuelle Auswahl.","text_element_text_element_text_size":"default"}]},{"acf_fc_layout":"akkordeon_element_items_item","akkordeon_element_items_item_titel_akkordeon_element_items_item_titel":"Praxis","akkordeon_element_items_item_content":[{"acf_fc_layout":"text_element","text_element_":null,"text_element_text_element_titel":"","text_element_text_element_titel_typ":"2","text_element_text_element_titel_size":"","text_element_text_element_titel_fake":false,"text_element_text_element_content":"Musik und Mosaik gleich \u00abMusAik\u00bb: Ein zeitgem\u00e4sser Musikunterricht besitzt mancherlei \u00c4hnlichkeit mit einem Mosaik. Aus vielen farbigen Einzelsteinchen wird ein abwechslungsreiches Gesamtbild kreiert. \u00c4hnlich wie bei einem Mosaik sind auch in der Musik die einzelnen Bauelemente miteinander verbunden. Erst wenn man diese Bauelemente zusammenf\u00fcgt, ergibt sich ein Ganzes in der Musik.\r\n\r\nMusAik 1 f\u00fcr den 1. Zyklus (Kindergarten bis 3. Klasse) besteht aus:\r\n<ul>\r\n \t<li>Arbeitsheft<\/li>\r\n \t<li>Kommentar<\/li>\r\n \t<li>2 Audio-CDs<\/li>\r\n \t<li>Download 1<\/li>\r\n<\/ul>\r\nMusAik 2 f\u00fcr den 2. Zyklus (4. Klasse bis 6. Klasse, inklusive \u00dcberlappungsteil f\u00fcr 3. Klasse) besteht aus:\r\n<ul>\r\n \t<li>Arbeitsheft<\/li>\r\n \t<li>Kommentar<\/li>\r\n \t<li>4 Audio-CDs<\/li>\r\n \t<li>Download 2<\/li>\r\n<\/ul>\r\nWeiteres Zubeh\u00f6r:\r\n<ul>\r\n \t<li>Spielkartenset<\/li>\r\n \t<li>Klassenset Spielkartenset<\/li>\r\n \t<li>Rhythmuskarten f\u00fcr MusAik 1 &amp; 2<\/li>\r\n \t<li>2 DVDs f\u00fcr MusAik 1 &amp; 2<\/li>\r\n<\/ul>","text_element_text_element_text_size":"default"}]}]}],"two_cols_flex_content_col_two":null,"two_cols_bgcolor":false,"two_cols_spaltenbreite":"two-third-one-third"},{"acf_fc_layout":"one_col","one_col_flex_content_col_one":[{"acf_fc_layout":"text_img_element","text_img_element_text":null,"text_img_element_text_element_titel":"MusAik","text_img_element_text_element_titel_typ":"3","text_img_element_text_element_titel_size":"","text_img_element_text_element_titel_fake":false,"text_img_element_text_element_content":"<p class=\"paragraph-noserif\"><strong>Musik<\/strong>\r\n<strong>Kindergarten\r\n<\/strong><strong>Primarstufe 1. \u2013 6. Klasse<\/strong><\/p>\r\nDas Lehrmittel \u00abMusAik\u00bb unterst\u00fctzt Lehrpersonen mit unterschiedlichstem Vorwissen bei der Vorbereitung und Durchf\u00fchrung des Musikunterrichts.\r\n\r\n<a class=\"btn-arrow\" href=\"https:\/\/www.lehrmittelverlag.ch\/shop\/?filter=reihe,musaik\" target=\"_blank\" rel=\"noopener\">Zum Shop<\/a>","text_img_element_bild":null,"text_img_element_image_element_image_element_image_element_image":1022,"text_img_element_image_element_image_element_image_element_lightbox":false,"text_img_element_events":null,"text_img_element_events_element_type_category_events_element_type_category_events_element_type_category":[],"text_img_element_events_element_topic_category_events_element_topic_category_events_element_topic_category":[],"text_img_element_events_element_amount_events_element_amount_events_element_amount":"","text_img_element_":null,"text_img_element_text_element_text_size":"default","text_img_element_text_img_element_spaltenbreite":"default","text_img_element_text_img_element_orientation":"default"}],"one_col_bgcolor":true},{"acf_fc_layout":"two_cols","two_cols_flex_content_col_one":[{"acf_fc_layout":"akkordeon_element","akkordeon_element_items":[{"acf_fc_layout":"akkordeon_element_items_item","akkordeon_element_items_item_titel_akkordeon_element_items_item_titel":"Downloads","akkordeon_element_items_item_content":[{"acf_fc_layout":"text_element","text_element_":null,"text_element_text_element_titel":"","text_element_text_element_titel_typ":"2","text_element_text_element_titel_size":"","text_element_text_element_titel_fake":false,"text_element_text_element_content":"Die Downloads sind im Webshop erh\u00e4ltlich:\r\n\r\n<a class=\"btn-arrow\" href=\"https:\/\/www.lehrmittelverlag.ch\/shop\/?filter=reihe,musaik\" target=\"_blank\" rel=\"noopener\">Zum Shop<\/a>\r\n\r\n<a class=\"btn-download\" href=\"https:\/\/www.lehrmittelverlag.ch\/cms\/wp-content\/uploads\/2023\/01\/LVSG_MusAik_2019.pdf\" target=\"_blank\" rel=\"noopener\">Verlagsblatt MusAik<\/a>\r\n\r\n<a class=\"btn-download\" href=\"https:\/\/www.lehrmittelverlag.ch\/cms\/wp-content\/uploads\/2025\/03\/MusAik-1-und-2_Hinweisblatt_2025.pdf\" target=\"_blank\" rel=\"noopener\">MusAik 1 und 2_Hinweisblatt_2025<\/a>\r\n\r\n&nbsp;","text_element_text_element_text_size":"default"}]}]}],"two_cols_flex_content_col_two":null,"two_cols_bgcolor":false,"two_cols_spaltenbreite":"two-third-one-third"}]},"yoast_head":"<!-- This site is optimized with the Yoast SEO plugin v27.4 - https:\/\/yoast.com\/product\/yoast-seo-wordpress\/ -->\n<title>MusAik - Lehrmittelverlag St. Gallen<\/title>\n<meta name=\"description\" content=\"Mit dem Lehrmittel MusAik tauchen die Sch\u00fclerinnen und Sch\u00fcler in Gestaltungsprozesse ein und bauen musikalische Kompetenzen auf.\" \/>\n<meta name=\"robots\" content=\"index, follow, max-snippet:-1, max-image-preview:large, max-video-preview:-1\" \/>\n<link rel=\"canonical\" href=\"https:\/\/www.lehrmittelverlag.ch\/cms\/verlag\/verlagsprogramm\/musaik\/\" \/>\n<meta property=\"og:locale\" content=\"de_DE\" \/>\n<meta property=\"og:type\" content=\"article\" \/>\n<meta property=\"og:title\" content=\"MusAik - Lehrmittelverlag St. Gallen\" \/>\n<meta property=\"og:description\" content=\"Mit dem Lehrmittel MusAik tauchen die Sch\u00fclerinnen und Sch\u00fcler in Gestaltungsprozesse ein und bauen musikalische Kompetenzen auf.\" \/>\n<meta property=\"og:url\" content=\"https:\/\/www.lehrmittelverlag.ch\/cms\/verlag\/verlagsprogramm\/musaik\/\" \/>\n<meta property=\"og:site_name\" content=\"Lehrmittelverlag St. Gallen\" \/>\n<meta property=\"article:publisher\" content=\"https:\/\/www.facebook.com\/LehrmittelverlagSG\/\" \/>\n<meta property=\"article:modified_time\" content=\"2025-03-04T09:32:39+00:00\" \/>\n<meta property=\"og:image\" content=\"https:\/\/www.lehrmittelverlag.ch\/cms\/wp-content\/uploads\/2024\/10\/Musaik.jpg\" \/>\n\t<meta property=\"og:image:width\" content=\"500\" \/>\n\t<meta property=\"og:image:height\" content=\"500\" \/>\n\t<meta property=\"og:image:type\" content=\"image\/jpeg\" \/>\n<meta name=\"twitter:card\" content=\"summary_large_image\" \/>\n<meta name=\"twitter:site\" content=\"@Lehrmittel_SG\" \/>\n<meta name=\"twitter:label1\" content=\"Gesch\u00e4tzte Lesezeit\" \/>\n\t<meta name=\"twitter:data1\" content=\"3\u00a0Minuten\" \/>\n<script type=\"application\/ld+json\" class=\"yoast-schema-graph\">{\"@context\":\"https:\\\/\\\/schema.org\",\"@graph\":[{\"@type\":\"WebPage\",\"@id\":\"https:\\\/\\\/www.lehrmittelverlag.ch\\\/cms\\\/verlag\\\/verlagsprogramm\\\/musaik\\\/\",\"url\":\"https:\\\/\\\/www.lehrmittelverlag.ch\\\/cms\\\/verlag\\\/verlagsprogramm\\\/musaik\\\/\",\"name\":\"MusAik - Lehrmittelverlag St. Gallen\",\"isPartOf\":{\"@id\":\"https:\\\/\\\/www.lehrmittelverlag.ch\\\/cms\\\/#website\"},\"primaryImageOfPage\":{\"@id\":\"https:\\\/\\\/www.lehrmittelverlag.ch\\\/cms\\\/verlag\\\/verlagsprogramm\\\/musaik\\\/#primaryimage\"},\"image\":{\"@id\":\"https:\\\/\\\/www.lehrmittelverlag.ch\\\/cms\\\/verlag\\\/verlagsprogramm\\\/musaik\\\/#primaryimage\"},\"thumbnailUrl\":\"https:\\\/\\\/lizenz.lehrmittelverlag.ch\\\/cms\\\/wp-content\\\/uploads\\\/2024\\\/10\\\/Musaik.jpg\",\"datePublished\":\"2023-01-23T14:21:44+00:00\",\"dateModified\":\"2025-03-04T09:32:39+00:00\",\"description\":\"Mit dem Lehrmittel MusAik tauchen die Sch\u00fclerinnen und Sch\u00fcler in Gestaltungsprozesse ein und bauen musikalische Kompetenzen auf.\",\"breadcrumb\":{\"@id\":\"https:\\\/\\\/www.lehrmittelverlag.ch\\\/cms\\\/verlag\\\/verlagsprogramm\\\/musaik\\\/#breadcrumb\"},\"inLanguage\":\"de-CH\",\"potentialAction\":[{\"@type\":\"ReadAction\",\"target\":[\"https:\\\/\\\/www.lehrmittelverlag.ch\\\/cms\\\/verlag\\\/verlagsprogramm\\\/musaik\\\/\"]}]},{\"@type\":\"ImageObject\",\"inLanguage\":\"de-CH\",\"@id\":\"https:\\\/\\\/www.lehrmittelverlag.ch\\\/cms\\\/verlag\\\/verlagsprogramm\\\/musaik\\\/#primaryimage\",\"url\":\"https:\\\/\\\/lizenz.lehrmittelverlag.ch\\\/cms\\\/wp-content\\\/uploads\\\/2024\\\/10\\\/Musaik.jpg\",\"contentUrl\":\"https:\\\/\\\/lizenz.lehrmittelverlag.ch\\\/cms\\\/wp-content\\\/uploads\\\/2024\\\/10\\\/Musaik.jpg\",\"width\":500,\"height\":500,\"caption\":\"MusAik\"},{\"@type\":\"BreadcrumbList\",\"@id\":\"https:\\\/\\\/www.lehrmittelverlag.ch\\\/cms\\\/verlag\\\/verlagsprogramm\\\/musaik\\\/#breadcrumb\",\"itemListElement\":[{\"@type\":\"ListItem\",\"position\":1,\"name\":\"Shop\",\"item\":\"\\\/\"},{\"@type\":\"ListItem\",\"position\":2,\"name\":\"Verlag\",\"item\":\"https:\\\/\\\/www.lehrmittelverlag.ch\\\/cms\\\/verlag\\\/\"},{\"@type\":\"ListItem\",\"position\":3,\"name\":\"Verlagsprogramm\",\"item\":\"https:\\\/\\\/lehrmittelverlag.ch\\\/cms\\\/verlag\\\/verlagsprogramm\\\/\"},{\"@type\":\"ListItem\",\"position\":4,\"name\":\"MusAik\"}]},{\"@type\":\"WebSite\",\"@id\":\"https:\\\/\\\/www.lehrmittelverlag.ch\\\/cms\\\/#website\",\"url\":\"https:\\\/\\\/www.lehrmittelverlag.ch\\\/cms\\\/\",\"name\":\"Lehrmittelverlag St. Gallen\",\"description\":\"\",\"publisher\":{\"@id\":\"https:\\\/\\\/www.lehrmittelverlag.ch\\\/cms\\\/#organization\"},\"potentialAction\":[{\"@type\":\"SearchAction\",\"target\":{\"@type\":\"EntryPoint\",\"urlTemplate\":\"https:\\\/\\\/www.lehrmittelverlag.ch\\\/cms\\\/?s={search_term_string}\"},\"query-input\":{\"@type\":\"PropertyValueSpecification\",\"valueRequired\":true,\"valueName\":\"search_term_string\"}}],\"inLanguage\":\"de-CH\"},{\"@type\":\"Organization\",\"@id\":\"https:\\\/\\\/www.lehrmittelverlag.ch\\\/cms\\\/#organization\",\"name\":\"Lehrmittelverlag St. Gallen\",\"url\":\"https:\\\/\\\/www.lehrmittelverlag.ch\\\/cms\\\/\",\"logo\":{\"@type\":\"ImageObject\",\"inLanguage\":\"de-CH\",\"@id\":\"https:\\\/\\\/www.lehrmittelverlag.ch\\\/cms\\\/#\\\/schema\\\/logo\\\/image\\\/\",\"url\":\"https:\\\/\\\/www.lehrmittelverlag.ch\\\/cms\\\/wp-content\\\/uploads\\\/2022\\\/11\\\/logo-lmvsg.png\",\"contentUrl\":\"https:\\\/\\\/www.lehrmittelverlag.ch\\\/cms\\\/wp-content\\\/uploads\\\/2022\\\/11\\\/logo-lmvsg.png\",\"width\":899,\"height\":349,\"caption\":\"Lehrmittelverlag St. Gallen\"},\"image\":{\"@id\":\"https:\\\/\\\/www.lehrmittelverlag.ch\\\/cms\\\/#\\\/schema\\\/logo\\\/image\\\/\"},\"sameAs\":[\"https:\\\/\\\/www.facebook.com\\\/LehrmittelverlagSG\\\/\",\"https:\\\/\\\/x.com\\\/Lehrmittel_SG\"]}]}<\/script>\n<!-- \/ Yoast SEO plugin. -->","yoast_head_json":{"title":"MusAik - Lehrmittelverlag St. Gallen","description":"Mit dem Lehrmittel MusAik tauchen die Sch\u00fclerinnen und Sch\u00fcler in Gestaltungsprozesse ein und bauen musikalische Kompetenzen auf.","robots":{"index":"index","follow":"follow","max-snippet":"max-snippet:-1","max-image-preview":"max-image-preview:large","max-video-preview":"max-video-preview:-1"},"canonical":"https:\/\/www.lehrmittelverlag.ch\/cms\/verlag\/verlagsprogramm\/musaik\/","og_locale":"de_DE","og_type":"article","og_title":"MusAik - Lehrmittelverlag St. Gallen","og_description":"Mit dem Lehrmittel MusAik tauchen die Sch\u00fclerinnen und Sch\u00fcler in Gestaltungsprozesse ein und bauen musikalische Kompetenzen auf.","og_url":"https:\/\/www.lehrmittelverlag.ch\/cms\/verlag\/verlagsprogramm\/musaik\/","og_site_name":"Lehrmittelverlag St. Gallen","article_publisher":"https:\/\/www.facebook.com\/LehrmittelverlagSG\/","article_modified_time":"2025-03-04T09:32:39+00:00","og_image":[{"width":500,"height":500,"url":"https:\/\/www.lehrmittelverlag.ch\/cms\/wp-content\/uploads\/2024\/10\/Musaik.jpg","type":"image\/jpeg"}],"twitter_card":"summary_large_image","twitter_site":"@Lehrmittel_SG","twitter_misc":{"Gesch\u00e4tzte Lesezeit":"3\u00a0Minuten"},"schema":{"@context":"https:\/\/schema.org","@graph":[{"@type":"WebPage","@id":"https:\/\/www.lehrmittelverlag.ch\/cms\/verlag\/verlagsprogramm\/musaik\/","url":"https:\/\/www.lehrmittelverlag.ch\/cms\/verlag\/verlagsprogramm\/musaik\/","name":"MusAik - Lehrmittelverlag St. Gallen","isPartOf":{"@id":"https:\/\/www.lehrmittelverlag.ch\/cms\/#website"},"primaryImageOfPage":{"@id":"https:\/\/www.lehrmittelverlag.ch\/cms\/verlag\/verlagsprogramm\/musaik\/#primaryimage"},"image":{"@id":"https:\/\/www.lehrmittelverlag.ch\/cms\/verlag\/verlagsprogramm\/musaik\/#primaryimage"},"thumbnailUrl":"https:\/\/lizenz.lehrmittelverlag.ch\/cms\/wp-content\/uploads\/2024\/10\/Musaik.jpg","datePublished":"2023-01-23T14:21:44+00:00","dateModified":"2025-03-04T09:32:39+00:00","description":"Mit dem Lehrmittel MusAik tauchen die Sch\u00fclerinnen und Sch\u00fcler in Gestaltungsprozesse ein und bauen musikalische Kompetenzen auf.","breadcrumb":{"@id":"https:\/\/www.lehrmittelverlag.ch\/cms\/verlag\/verlagsprogramm\/musaik\/#breadcrumb"},"inLanguage":"de-CH","potentialAction":[{"@type":"ReadAction","target":["https:\/\/www.lehrmittelverlag.ch\/cms\/verlag\/verlagsprogramm\/musaik\/"]}]},{"@type":"ImageObject","inLanguage":"de-CH","@id":"https:\/\/www.lehrmittelverlag.ch\/cms\/verlag\/verlagsprogramm\/musaik\/#primaryimage","url":"https:\/\/lizenz.lehrmittelverlag.ch\/cms\/wp-content\/uploads\/2024\/10\/Musaik.jpg","contentUrl":"https:\/\/lizenz.lehrmittelverlag.ch\/cms\/wp-content\/uploads\/2024\/10\/Musaik.jpg","width":500,"height":500,"caption":"MusAik"},{"@type":"BreadcrumbList","@id":"https:\/\/www.lehrmittelverlag.ch\/cms\/verlag\/verlagsprogramm\/musaik\/#breadcrumb","itemListElement":[{"@type":"ListItem","position":1,"name":"Shop","item":"\/"},{"@type":"ListItem","position":2,"name":"Verlag","item":"https:\/\/www.lehrmittelverlag.ch\/cms\/verlag\/"},{"@type":"ListItem","position":3,"name":"Verlagsprogramm","item":"https:\/\/lehrmittelverlag.ch\/cms\/verlag\/verlagsprogramm\/"},{"@type":"ListItem","position":4,"name":"MusAik"}]},{"@type":"WebSite","@id":"https:\/\/www.lehrmittelverlag.ch\/cms\/#website","url":"https:\/\/www.lehrmittelverlag.ch\/cms\/","name":"Lehrmittelverlag St. Gallen","description":"","publisher":{"@id":"https:\/\/www.lehrmittelverlag.ch\/cms\/#organization"},"potentialAction":[{"@type":"SearchAction","target":{"@type":"EntryPoint","urlTemplate":"https:\/\/www.lehrmittelverlag.ch\/cms\/?s={search_term_string}"},"query-input":{"@type":"PropertyValueSpecification","valueRequired":true,"valueName":"search_term_string"}}],"inLanguage":"de-CH"},{"@type":"Organization","@id":"https:\/\/www.lehrmittelverlag.ch\/cms\/#organization","name":"Lehrmittelverlag St. Gallen","url":"https:\/\/www.lehrmittelverlag.ch\/cms\/","logo":{"@type":"ImageObject","inLanguage":"de-CH","@id":"https:\/\/www.lehrmittelverlag.ch\/cms\/#\/schema\/logo\/image\/","url":"https:\/\/www.lehrmittelverlag.ch\/cms\/wp-content\/uploads\/2022\/11\/logo-lmvsg.png","contentUrl":"https:\/\/www.lehrmittelverlag.ch\/cms\/wp-content\/uploads\/2022\/11\/logo-lmvsg.png","width":899,"height":349,"caption":"Lehrmittelverlag St. Gallen"},"image":{"@id":"https:\/\/www.lehrmittelverlag.ch\/cms\/#\/schema\/logo\/image\/"},"sameAs":["https:\/\/www.facebook.com\/LehrmittelverlagSG\/","https:\/\/x.com\/Lehrmittel_SG"]}]}},"_links":{"self":[{"href":"https:\/\/lizenz.lehrmittelverlag.ch\/cms\/wp-json\/wp\/v2\/pages\/693","targetHints":{"allow":["GET"]}}],"collection":[{"href":"https:\/\/lizenz.lehrmittelverlag.ch\/cms\/wp-json\/wp\/v2\/pages"}],"about":[{"href":"https:\/\/lizenz.lehrmittelverlag.ch\/cms\/wp-json\/wp\/v2\/types\/page"}],"author":[{"embeddable":true,"href":"https:\/\/lizenz.lehrmittelverlag.ch\/cms\/wp-json\/wp\/v2\/users\/3"}],"replies":[{"embeddable":true,"href":"https:\/\/lizenz.lehrmittelverlag.ch\/cms\/wp-json\/wp\/v2\/comments?post=693"}],"version-history":[{"count":10,"href":"https:\/\/lizenz.lehrmittelverlag.ch\/cms\/wp-json\/wp\/v2\/pages\/693\/revisions"}],"predecessor-version":[{"id":4571,"href":"https:\/\/lizenz.lehrmittelverlag.ch\/cms\/wp-json\/wp\/v2\/pages\/693\/revisions\/4571"}],"up":[{"embeddable":true,"href":"https:\/\/lizenz.lehrmittelverlag.ch\/cms\/wp-json\/wp\/v2\/pages\/67"}],"wp:featuredmedia":[{"embeddable":true,"href":"https:\/\/lizenz.lehrmittelverlag.ch\/cms\/wp-json\/wp\/v2\/media\/3701"}],"wp:attachment":[{"href":"https:\/\/lizenz.lehrmittelverlag.ch\/cms\/wp-json\/wp\/v2\/media?parent=693"}],"curies":[{"name":"wp","href":"https:\/\/api.w.org\/{rel}","templated":true}]}}