{"id":837,"date":"2023-01-24T11:01:38","date_gmt":"2023-01-24T10:01:38","guid":{"rendered":"https:\/\/www.lehrmittelverlag.ch\/cms\/?page_id=837"},"modified":"2024-10-13T07:09:05","modified_gmt":"2024-10-13T05:09:05","slug":"sing-ais","status":"publish","type":"page","link":"https:\/\/lizenz.lehrmittelverlag.ch\/cms\/verlag\/verlagsprogramm\/sing-ais\/","title":{"rendered":"Sing Ais!"},"content":{"rendered":"","protected":false},"excerpt":{"rendered":"","protected":false},"author":3,"featured_media":3694,"parent":67,"menu_order":7,"comment_status":"closed","ping_status":"closed","template":"","meta":{"_acf_changed":false,"inline_featured_image":false,"footnotes":""},"class_list":["post-837","page","type-page","status-publish","has-post-thumbnail","hentry"],"acf":{"inhaltselemente":[{"acf_fc_layout":"two_cols","two_cols_flex_content_col_one":[{"acf_fc_layout":"text_element","text_element_":null,"text_element_text_element_titel":"Schweizer Singbuch: Die reich illustrierte Liedsammlung f\u00fcr die Mittelstufe enth\u00e4lt ein musikalisch breitgef\u00e4chertes Repertoire von rund 150 Liedern.","text_element_text_element_titel_typ":"2","text_element_text_element_titel_size":"5","text_element_text_element_titel_fake":false,"text_element_text_element_content":"Jede Generation von Sch\u00fclerinnen und Sch\u00fclern besitzt ihre eigenen Lieder. Pr\u00e4gend sind aber auch jene Melodien, die \u00fcber Altersgruppen hinweg Identifikation und Verbindung schaffen und zur Liedkultur einer ganzen Gesellschaft geh\u00f6ren. Die Liedsammlung \u00abSing Ais!\u00bb erf\u00fcllt beide Erwartungen. \u00abSing Ais!\u00bb r\u00fcckt den Lernbereich Singen ins Zentrum und macht auf die verschiedenen Verbindungen zu anderen Lernfeldern aufmerksam, die gesucht, entdeckt und genutzt werden sollen.\r\n\r\nTraditionelles Liedgut ist ebenso vertreten wie Rock- und Popsongs. Ein inspirierendes Lehrerhandbuch und sechs Audio-CDs mit Playback-Aufnahmen erg\u00e4nzen das Singbuch.","text_element_text_element_text_size":"default"}],"two_cols_flex_content_col_two":[{"acf_fc_layout":"text_element","text_element_":null,"text_element_text_element_titel":"","text_element_text_element_titel_typ":"2","text_element_text_element_titel_size":"","text_element_text_element_titel_fake":false,"text_element_text_element_content":"<strong>Autorenteam<\/strong>\r\nJost Nussbaumer, Pablo Winiger","text_element_text_element_text_size":"text-textnoserif"}],"two_cols_bgcolor":false,"two_cols_spaltenbreite":"two-third-one-third"},{"acf_fc_layout":"two_cols","two_cols_flex_content_col_one":[{"acf_fc_layout":"akkordeon_element","akkordeon_element_items":[{"acf_fc_layout":"akkordeon_element_items_item","akkordeon_element_items_item_titel_akkordeon_element_items_item_titel":"Handbuch und Begleitung","akkordeon_element_items_item_content":[{"acf_fc_layout":"text_element","text_element_":null,"text_element_text_element_titel":"","text_element_text_element_titel_typ":"2","text_element_text_element_titel_size":"","text_element_text_element_titel_fake":false,"text_element_text_element_content":"Das Handbuch f\u00fcr Lehrpersonen beinhaltet Material und Ideen f\u00fcr einen vielf\u00e4ltigen Umgang mit dem Liedgut. Jedes Lied ist angereichert mit Informationen, die helfen, Beziehungen zur Zeitgeschichte, zu Kultur(en), Brauchtum, Geografie, zu Personen (Biografien) und Schicksalen herzustellen. Begleitnotens\u00e4tze dienen dazu, das Musizieren im Unterricht anregend zu gestalten. Zur Auswahl stehen Noten f\u00fcr Gitarre, Klavier (Keyboard) und f\u00fcr den Einsatz Orff\u2019scher Instrumente. Auch Vorschl\u00e4ge zu Bewegungs-\u00ad und Tanzformen sowie Hinweise f\u00fcr Auff\u00fchrungen werden gemacht.\r\n\r\n<img class=\"size-full wp-image-844 aligncenter\" src=\"https:\/\/www.lehrmittelverlag.ch\/cms\/wp-content\/uploads\/2023\/01\/lmvsg-ordner-singais.jpg\" alt=\"Sing Ais! Handbuch\" width=\"240\" height=\"180\" \/>","text_element_text_element_text_size":"default"}]},{"acf_fc_layout":"akkordeon_element_items_item","akkordeon_element_items_item_titel_akkordeon_element_items_item_titel":"Playbacks","akkordeon_element_items_item_content":[{"acf_fc_layout":"text_element","text_element_":null,"text_element_text_element_titel":"","text_element_text_element_titel_typ":"2","text_element_text_element_titel_size":"","text_element_text_element_titel_fake":false,"text_element_text_element_content":"Zus\u00e4tzlich stehen sechs Audio\u00ad-CDs zur Verf\u00fcgung, die Playback-\u00adAufnahmen s\u00e4mtlicher Titel enthalten und sich ideal einsetzen lassen beim spontanen Singen inner-\u00ad oder ausserhalb des Schulzimmers. Zudem dienen sie Lehrpersonen, die die Lieder nicht selbst auf einem Instrument begleiten k\u00f6nnen. Die Audio-CDs sind im Webshop erh\u00e4ltlich.","text_element_text_element_text_size":"default"}]}]}],"two_cols_flex_content_col_two":null,"two_cols_bgcolor":false,"two_cols_spaltenbreite":"two-third-one-third"},{"acf_fc_layout":"one_col","one_col_flex_content_col_one":[{"acf_fc_layout":"text_img_element","text_img_element_text":null,"text_img_element_text_element_titel":"Sing Ais!","text_img_element_text_element_titel_typ":"3","text_img_element_text_element_titel_size":"","text_img_element_text_element_titel_fake":false,"text_img_element_text_element_content":"<p class=\"paragraph-noserif\"><strong>Musik<\/strong>\r\n<strong>Primarstufe 4. \u2013 6. Klasse<\/strong><\/p>\r\nSing Ais!\u00bb, das Schweizer Singbuch f\u00fcr die Mittelstufe macht das Singen im Unterricht wieder zu einer echten Freude. Das Buch motiviert Kinder und Lehrkr\u00e4fte gleichermassen durch die sch\u00f6ne Gestaltung und vielen Einsatzm\u00f6glichkeiten.\r\n\r\n<a class=\"btn-arrow\" href=\"\/shop\/?filter=lehrwerk,sing-ais\" target=\"_blank\" rel=\"noopener\">Zum Shop<\/a>","text_img_element_bild":null,"text_img_element_image_element_image_element_image_element_image":1029,"text_img_element_image_element_image_element_image_element_lightbox":true,"text_img_element_events":null,"text_img_element_events_element_type_category_events_element_type_category_events_element_type_category":[],"text_img_element_events_element_topic_category_events_element_topic_category_events_element_topic_category":[],"text_img_element_events_element_amount_events_element_amount_events_element_amount":"","text_img_element_":null,"text_img_element_text_element_text_size":"default","text_img_element_text_img_element_spaltenbreite":"default","text_img_element_text_img_element_orientation":"default"}],"one_col_bgcolor":true},{"acf_fc_layout":"two_cols","two_cols_flex_content_col_one":[{"acf_fc_layout":"akkordeon_element","akkordeon_element_items":[{"acf_fc_layout":"akkordeon_element_items_item","akkordeon_element_items_item_titel_akkordeon_element_items_item_titel":"Downloads","akkordeon_element_items_item_content":[{"acf_fc_layout":"text_element","text_element_":null,"text_element_text_element_titel":"","text_element_text_element_titel_typ":"2","text_element_text_element_titel_size":"","text_element_text_element_titel_fake":false,"text_element_text_element_content":"<a class=\"btn-download\" href=\"https:\/\/www.lehrmittelverlag.ch\/cms\/wp-content\/uploads\/2023\/01\/Sing-Ais-_-Singbuch.pdf\" target=\"_blank\" rel=\"noopener\">Produktblatt: Sing Ais! Singbuch<\/a>","text_element_text_element_text_size":"default"}]}]}],"two_cols_flex_content_col_two":null,"two_cols_bgcolor":false,"two_cols_spaltenbreite":"two-third-one-third"}]},"yoast_head":"<!-- This site is optimized with the Yoast SEO plugin v27.4 - https:\/\/yoast.com\/product\/yoast-seo-wordpress\/ -->\n<title>Sing Ais! - Lehrmittelverlag St. Gallen<\/title>\n<meta name=\"description\" content=\"Sing Ais! - \u00abSing Ais!\u00bb, das Schweizer Singbuch f\u00fcr die Mittelstufe macht das Singen im Unterricht wieder zu einer echten Freude.\" \/>\n<meta name=\"robots\" content=\"index, follow, max-snippet:-1, max-image-preview:large, max-video-preview:-1\" \/>\n<link rel=\"canonical\" href=\"https:\/\/www.lehrmittelverlag.ch\/cms\/verlag\/verlagsprogramm\/sing-ais\/\" \/>\n<meta property=\"og:locale\" content=\"de_DE\" \/>\n<meta property=\"og:type\" content=\"article\" \/>\n<meta property=\"og:title\" content=\"Sing Ais! - Lehrmittelverlag St. Gallen\" \/>\n<meta property=\"og:description\" content=\"Sing Ais! - \u00abSing Ais!\u00bb, das Schweizer Singbuch f\u00fcr die Mittelstufe macht das Singen im Unterricht wieder zu einer echten Freude.\" \/>\n<meta property=\"og:url\" content=\"https:\/\/www.lehrmittelverlag.ch\/cms\/verlag\/verlagsprogramm\/sing-ais\/\" \/>\n<meta property=\"og:site_name\" content=\"Lehrmittelverlag St. Gallen\" \/>\n<meta property=\"article:publisher\" content=\"https:\/\/www.facebook.com\/LehrmittelverlagSG\/\" \/>\n<meta property=\"article:modified_time\" content=\"2024-10-13T05:09:05+00:00\" \/>\n<meta property=\"og:image\" content=\"https:\/\/www.lehrmittelverlag.ch\/cms\/wp-content\/uploads\/2024\/10\/Sing-Ais.jpg\" \/>\n\t<meta property=\"og:image:width\" content=\"500\" \/>\n\t<meta property=\"og:image:height\" content=\"500\" \/>\n\t<meta property=\"og:image:type\" content=\"image\/jpeg\" \/>\n<meta name=\"twitter:card\" content=\"summary_large_image\" \/>\n<meta name=\"twitter:site\" content=\"@Lehrmittel_SG\" \/>\n<meta name=\"twitter:label1\" content=\"Gesch\u00e4tzte Lesezeit\" \/>\n\t<meta name=\"twitter:data1\" content=\"3\u00a0Minuten\" \/>\n<script type=\"application\/ld+json\" class=\"yoast-schema-graph\">{\"@context\":\"https:\\\/\\\/schema.org\",\"@graph\":[{\"@type\":\"WebPage\",\"@id\":\"https:\\\/\\\/www.lehrmittelverlag.ch\\\/cms\\\/verlag\\\/verlagsprogramm\\\/sing-ais\\\/\",\"url\":\"https:\\\/\\\/www.lehrmittelverlag.ch\\\/cms\\\/verlag\\\/verlagsprogramm\\\/sing-ais\\\/\",\"name\":\"Sing Ais! - Lehrmittelverlag St. Gallen\",\"isPartOf\":{\"@id\":\"https:\\\/\\\/www.lehrmittelverlag.ch\\\/cms\\\/#website\"},\"primaryImageOfPage\":{\"@id\":\"https:\\\/\\\/www.lehrmittelverlag.ch\\\/cms\\\/verlag\\\/verlagsprogramm\\\/sing-ais\\\/#primaryimage\"},\"image\":{\"@id\":\"https:\\\/\\\/www.lehrmittelverlag.ch\\\/cms\\\/verlag\\\/verlagsprogramm\\\/sing-ais\\\/#primaryimage\"},\"thumbnailUrl\":\"https:\\\/\\\/lizenz.lehrmittelverlag.ch\\\/cms\\\/wp-content\\\/uploads\\\/2024\\\/10\\\/Sing-Ais.jpg\",\"datePublished\":\"2023-01-24T10:01:38+00:00\",\"dateModified\":\"2024-10-13T05:09:05+00:00\",\"description\":\"Sing Ais! - \u00abSing Ais!\u00bb, das Schweizer Singbuch f\u00fcr die Mittelstufe macht das Singen im Unterricht wieder zu einer echten Freude.\",\"breadcrumb\":{\"@id\":\"https:\\\/\\\/www.lehrmittelverlag.ch\\\/cms\\\/verlag\\\/verlagsprogramm\\\/sing-ais\\\/#breadcrumb\"},\"inLanguage\":\"de-CH\",\"potentialAction\":[{\"@type\":\"ReadAction\",\"target\":[\"https:\\\/\\\/www.lehrmittelverlag.ch\\\/cms\\\/verlag\\\/verlagsprogramm\\\/sing-ais\\\/\"]}]},{\"@type\":\"ImageObject\",\"inLanguage\":\"de-CH\",\"@id\":\"https:\\\/\\\/www.lehrmittelverlag.ch\\\/cms\\\/verlag\\\/verlagsprogramm\\\/sing-ais\\\/#primaryimage\",\"url\":\"https:\\\/\\\/lizenz.lehrmittelverlag.ch\\\/cms\\\/wp-content\\\/uploads\\\/2024\\\/10\\\/Sing-Ais.jpg\",\"contentUrl\":\"https:\\\/\\\/lizenz.lehrmittelverlag.ch\\\/cms\\\/wp-content\\\/uploads\\\/2024\\\/10\\\/Sing-Ais.jpg\",\"width\":500,\"height\":500,\"caption\":\"Sing Ais!\"},{\"@type\":\"BreadcrumbList\",\"@id\":\"https:\\\/\\\/www.lehrmittelverlag.ch\\\/cms\\\/verlag\\\/verlagsprogramm\\\/sing-ais\\\/#breadcrumb\",\"itemListElement\":[{\"@type\":\"ListItem\",\"position\":1,\"name\":\"Shop\",\"item\":\"\\\/\"},{\"@type\":\"ListItem\",\"position\":2,\"name\":\"Verlag\",\"item\":\"https:\\\/\\\/www.lehrmittelverlag.ch\\\/cms\\\/verlag\\\/\"},{\"@type\":\"ListItem\",\"position\":3,\"name\":\"Verlagsprogramm\",\"item\":\"https:\\\/\\\/lehrmittelverlag.ch\\\/cms\\\/verlag\\\/verlagsprogramm\\\/\"},{\"@type\":\"ListItem\",\"position\":4,\"name\":\"Sing Ais!\"}]},{\"@type\":\"WebSite\",\"@id\":\"https:\\\/\\\/www.lehrmittelverlag.ch\\\/cms\\\/#website\",\"url\":\"https:\\\/\\\/www.lehrmittelverlag.ch\\\/cms\\\/\",\"name\":\"Lehrmittelverlag St. Gallen\",\"description\":\"\",\"publisher\":{\"@id\":\"https:\\\/\\\/www.lehrmittelverlag.ch\\\/cms\\\/#organization\"},\"potentialAction\":[{\"@type\":\"SearchAction\",\"target\":{\"@type\":\"EntryPoint\",\"urlTemplate\":\"https:\\\/\\\/www.lehrmittelverlag.ch\\\/cms\\\/?s={search_term_string}\"},\"query-input\":{\"@type\":\"PropertyValueSpecification\",\"valueRequired\":true,\"valueName\":\"search_term_string\"}}],\"inLanguage\":\"de-CH\"},{\"@type\":\"Organization\",\"@id\":\"https:\\\/\\\/www.lehrmittelverlag.ch\\\/cms\\\/#organization\",\"name\":\"Lehrmittelverlag St. Gallen\",\"url\":\"https:\\\/\\\/www.lehrmittelverlag.ch\\\/cms\\\/\",\"logo\":{\"@type\":\"ImageObject\",\"inLanguage\":\"de-CH\",\"@id\":\"https:\\\/\\\/www.lehrmittelverlag.ch\\\/cms\\\/#\\\/schema\\\/logo\\\/image\\\/\",\"url\":\"https:\\\/\\\/www.lehrmittelverlag.ch\\\/cms\\\/wp-content\\\/uploads\\\/2022\\\/11\\\/logo-lmvsg.png\",\"contentUrl\":\"https:\\\/\\\/www.lehrmittelverlag.ch\\\/cms\\\/wp-content\\\/uploads\\\/2022\\\/11\\\/logo-lmvsg.png\",\"width\":899,\"height\":349,\"caption\":\"Lehrmittelverlag St. Gallen\"},\"image\":{\"@id\":\"https:\\\/\\\/www.lehrmittelverlag.ch\\\/cms\\\/#\\\/schema\\\/logo\\\/image\\\/\"},\"sameAs\":[\"https:\\\/\\\/www.facebook.com\\\/LehrmittelverlagSG\\\/\",\"https:\\\/\\\/x.com\\\/Lehrmittel_SG\"]}]}<\/script>\n<!-- \/ Yoast SEO plugin. -->","yoast_head_json":{"title":"Sing Ais! - Lehrmittelverlag St. Gallen","description":"Sing Ais! - \u00abSing Ais!\u00bb, das Schweizer Singbuch f\u00fcr die Mittelstufe macht das Singen im Unterricht wieder zu einer echten Freude.","robots":{"index":"index","follow":"follow","max-snippet":"max-snippet:-1","max-image-preview":"max-image-preview:large","max-video-preview":"max-video-preview:-1"},"canonical":"https:\/\/www.lehrmittelverlag.ch\/cms\/verlag\/verlagsprogramm\/sing-ais\/","og_locale":"de_DE","og_type":"article","og_title":"Sing Ais! - Lehrmittelverlag St. Gallen","og_description":"Sing Ais! - \u00abSing Ais!\u00bb, das Schweizer Singbuch f\u00fcr die Mittelstufe macht das Singen im Unterricht wieder zu einer echten Freude.","og_url":"https:\/\/www.lehrmittelverlag.ch\/cms\/verlag\/verlagsprogramm\/sing-ais\/","og_site_name":"Lehrmittelverlag St. Gallen","article_publisher":"https:\/\/www.facebook.com\/LehrmittelverlagSG\/","article_modified_time":"2024-10-13T05:09:05+00:00","og_image":[{"width":500,"height":500,"url":"https:\/\/www.lehrmittelverlag.ch\/cms\/wp-content\/uploads\/2024\/10\/Sing-Ais.jpg","type":"image\/jpeg"}],"twitter_card":"summary_large_image","twitter_site":"@Lehrmittel_SG","twitter_misc":{"Gesch\u00e4tzte Lesezeit":"3\u00a0Minuten"},"schema":{"@context":"https:\/\/schema.org","@graph":[{"@type":"WebPage","@id":"https:\/\/www.lehrmittelverlag.ch\/cms\/verlag\/verlagsprogramm\/sing-ais\/","url":"https:\/\/www.lehrmittelverlag.ch\/cms\/verlag\/verlagsprogramm\/sing-ais\/","name":"Sing Ais! - Lehrmittelverlag St. Gallen","isPartOf":{"@id":"https:\/\/www.lehrmittelverlag.ch\/cms\/#website"},"primaryImageOfPage":{"@id":"https:\/\/www.lehrmittelverlag.ch\/cms\/verlag\/verlagsprogramm\/sing-ais\/#primaryimage"},"image":{"@id":"https:\/\/www.lehrmittelverlag.ch\/cms\/verlag\/verlagsprogramm\/sing-ais\/#primaryimage"},"thumbnailUrl":"https:\/\/lizenz.lehrmittelverlag.ch\/cms\/wp-content\/uploads\/2024\/10\/Sing-Ais.jpg","datePublished":"2023-01-24T10:01:38+00:00","dateModified":"2024-10-13T05:09:05+00:00","description":"Sing Ais! - \u00abSing Ais!\u00bb, das Schweizer Singbuch f\u00fcr die Mittelstufe macht das Singen im Unterricht wieder zu einer echten Freude.","breadcrumb":{"@id":"https:\/\/www.lehrmittelverlag.ch\/cms\/verlag\/verlagsprogramm\/sing-ais\/#breadcrumb"},"inLanguage":"de-CH","potentialAction":[{"@type":"ReadAction","target":["https:\/\/www.lehrmittelverlag.ch\/cms\/verlag\/verlagsprogramm\/sing-ais\/"]}]},{"@type":"ImageObject","inLanguage":"de-CH","@id":"https:\/\/www.lehrmittelverlag.ch\/cms\/verlag\/verlagsprogramm\/sing-ais\/#primaryimage","url":"https:\/\/lizenz.lehrmittelverlag.ch\/cms\/wp-content\/uploads\/2024\/10\/Sing-Ais.jpg","contentUrl":"https:\/\/lizenz.lehrmittelverlag.ch\/cms\/wp-content\/uploads\/2024\/10\/Sing-Ais.jpg","width":500,"height":500,"caption":"Sing Ais!"},{"@type":"BreadcrumbList","@id":"https:\/\/www.lehrmittelverlag.ch\/cms\/verlag\/verlagsprogramm\/sing-ais\/#breadcrumb","itemListElement":[{"@type":"ListItem","position":1,"name":"Shop","item":"\/"},{"@type":"ListItem","position":2,"name":"Verlag","item":"https:\/\/www.lehrmittelverlag.ch\/cms\/verlag\/"},{"@type":"ListItem","position":3,"name":"Verlagsprogramm","item":"https:\/\/lehrmittelverlag.ch\/cms\/verlag\/verlagsprogramm\/"},{"@type":"ListItem","position":4,"name":"Sing Ais!"}]},{"@type":"WebSite","@id":"https:\/\/www.lehrmittelverlag.ch\/cms\/#website","url":"https:\/\/www.lehrmittelverlag.ch\/cms\/","name":"Lehrmittelverlag St. Gallen","description":"","publisher":{"@id":"https:\/\/www.lehrmittelverlag.ch\/cms\/#organization"},"potentialAction":[{"@type":"SearchAction","target":{"@type":"EntryPoint","urlTemplate":"https:\/\/www.lehrmittelverlag.ch\/cms\/?s={search_term_string}"},"query-input":{"@type":"PropertyValueSpecification","valueRequired":true,"valueName":"search_term_string"}}],"inLanguage":"de-CH"},{"@type":"Organization","@id":"https:\/\/www.lehrmittelverlag.ch\/cms\/#organization","name":"Lehrmittelverlag St. Gallen","url":"https:\/\/www.lehrmittelverlag.ch\/cms\/","logo":{"@type":"ImageObject","inLanguage":"de-CH","@id":"https:\/\/www.lehrmittelverlag.ch\/cms\/#\/schema\/logo\/image\/","url":"https:\/\/www.lehrmittelverlag.ch\/cms\/wp-content\/uploads\/2022\/11\/logo-lmvsg.png","contentUrl":"https:\/\/www.lehrmittelverlag.ch\/cms\/wp-content\/uploads\/2022\/11\/logo-lmvsg.png","width":899,"height":349,"caption":"Lehrmittelverlag St. Gallen"},"image":{"@id":"https:\/\/www.lehrmittelverlag.ch\/cms\/#\/schema\/logo\/image\/"},"sameAs":["https:\/\/www.facebook.com\/LehrmittelverlagSG\/","https:\/\/x.com\/Lehrmittel_SG"]}]}},"_links":{"self":[{"href":"https:\/\/lizenz.lehrmittelverlag.ch\/cms\/wp-json\/wp\/v2\/pages\/837","targetHints":{"allow":["GET"]}}],"collection":[{"href":"https:\/\/lizenz.lehrmittelverlag.ch\/cms\/wp-json\/wp\/v2\/pages"}],"about":[{"href":"https:\/\/lizenz.lehrmittelverlag.ch\/cms\/wp-json\/wp\/v2\/types\/page"}],"author":[{"embeddable":true,"href":"https:\/\/lizenz.lehrmittelverlag.ch\/cms\/wp-json\/wp\/v2\/users\/3"}],"replies":[{"embeddable":true,"href":"https:\/\/lizenz.lehrmittelverlag.ch\/cms\/wp-json\/wp\/v2\/comments?post=837"}],"version-history":[{"count":14,"href":"https:\/\/lizenz.lehrmittelverlag.ch\/cms\/wp-json\/wp\/v2\/pages\/837\/revisions"}],"predecessor-version":[{"id":1861,"href":"https:\/\/lizenz.lehrmittelverlag.ch\/cms\/wp-json\/wp\/v2\/pages\/837\/revisions\/1861"}],"up":[{"embeddable":true,"href":"https:\/\/lizenz.lehrmittelverlag.ch\/cms\/wp-json\/wp\/v2\/pages\/67"}],"wp:featuredmedia":[{"embeddable":true,"href":"https:\/\/lizenz.lehrmittelverlag.ch\/cms\/wp-json\/wp\/v2\/media\/3694"}],"wp:attachment":[{"href":"https:\/\/lizenz.lehrmittelverlag.ch\/cms\/wp-json\/wp\/v2\/media?parent=837"}],"curies":[{"name":"wp","href":"https:\/\/api.w.org\/{rel}","templated":true}]}}